{"id":3487,"date":"2023-04-05T04:19:07","date_gmt":"2023-04-05T02:19:07","guid":{"rendered":"https:\/\/new.9dwunastych.org\/?page_id=3487"},"modified":"2024-05-05T11:48:06","modified_gmt":"2024-05-05T09:48:06","slug":"polityka-prywatnosci","status":"publish","type":"page","link":"https:\/\/9dwunastych.org\/en_us\/polityka-prywatnosci\/","title":{"rendered":"Polityka prywatno\u015bci"},"content":{"rendered":"<div data-elementor-type=\"wp-page\" data-elementor-id=\"3487\" class=\"elementor elementor-3487\">\n\t\t\t\t<div class=\"elementor-element elementor-element-d38a6f3 e-flex e-con-boxed e-con e-parent\" data-id=\"d38a6f3\" data-element_type=\"container\">\n\t\t\t\t\t<div class=\"e-con-inner\">\n\t\t\t\t<div class=\"elementor-element elementor-element-d58fef9 elementor-widget elementor-widget-heading\" data-id=\"d58fef9\" data-element_type=\"widget\" data-widget_type=\"heading.default\">\n\t\t\t\t<div class=\"elementor-widget-container\">\n\t\t\t<style>\/*! elementor - v3.21.0 - 08-05-2024 *\/\n.elementor-heading-title{padding:0;margin:0;line-height:1}.elementor-widget-heading .elementor-heading-title[class*=elementor-size-]>a{color:inherit;font-size:inherit;line-height:inherit}.elementor-widget-heading .elementor-heading-title.elementor-size-small{font-size:15px}.elementor-widget-heading .elementor-heading-title.elementor-size-medium{font-size:19px}.elementor-widget-heading .elementor-heading-title.elementor-size-large{font-size:29px}.elementor-widget-heading .elementor-heading-title.elementor-size-xl{font-size:39px}.elementor-widget-heading .elementor-heading-title.elementor-size-xxl{font-size:59px}<\/style><h2 class=\"elementor-heading-title elementor-size-default\">Polityka Prywatno\u015bci <\/h2>\t\t<\/div>\n\t\t\t\t<\/div>\n\t\t\t\t<div class=\"elementor-element elementor-element-138d484 elementor-widget elementor-widget-heading\" data-id=\"138d484\" data-element_type=\"widget\" data-widget_type=\"heading.default\">\n\t\t\t\t<div class=\"elementor-widget-container\">\n\t\t\t<h4 class=\"elementor-heading-title elementor-size-default\">MO\u017bEMY SI\u0118 R\u00d3\u017bNI\u0106. MO\u017bEMY SI\u0118 LUBI\u0106. \nPrzeka\u017c nam darowizn\u0119 na nr konta: 06 1600 1462 1025 2284 3000 0007<\/h4>\t\t<\/div>\n\t\t\t\t<\/div>\n\t\t\t\t<div class=\"elementor-element elementor-element-556edb1 elementor-widget elementor-widget-text-editor\" data-id=\"556edb1\" data-element_type=\"widget\" data-widget_type=\"text-editor.default\">\n\t\t\t\t<div class=\"elementor-widget-container\">\n\t\t\t<style>\/*! elementor - v3.21.0 - 08-05-2024 *\/\n.elementor-widget-text-editor.elementor-drop-cap-view-stacked .elementor-drop-cap{background-color:#69727d;color:#fff}.elementor-widget-text-editor.elementor-drop-cap-view-framed .elementor-drop-cap{color:#69727d;border:3px solid;background-color:transparent}.elementor-widget-text-editor:not(.elementor-drop-cap-view-default) .elementor-drop-cap{margin-top:8px}.elementor-widget-text-editor:not(.elementor-drop-cap-view-default) .elementor-drop-cap-letter{width:1em;height:1em}.elementor-widget-text-editor .elementor-drop-cap{float:left;text-align:center;line-height:1;font-size:50px}.elementor-widget-text-editor .elementor-drop-cap-letter{display:inline-block}<\/style>\t\t\t\t<p>W tym dokumencie znajdzie Pani\/Pan informacje na temat przetwarzania danych osobowych przez stowarzyszenie 9dwunastych.<\/p>\t\t\t\t\t\t<\/div>\n\t\t\t\t<\/div>\n\t\t\t\t<div class=\"elementor-element elementor-element-14de68b elementor-widget elementor-widget-text-editor\" data-id=\"14de68b\" data-element_type=\"widget\" data-widget_type=\"text-editor.default\">\n\t\t\t\t<div class=\"elementor-widget-container\">\n\t\t\t\t\t\t\t<p><span style=\"font-weight: 400;\">Informacja przekazywana jest w wykonaniu obowi\u0105zk\u00f3w przewidzianych w Rozporz\u0105dzeniu Parlamentu Europejskiego i Rady (UE) 2016\/679 z dnia 27 kwietnia 2016 r. w sprawie ochrony os\u00f3b fizycznych w zwi\u0105zku z przetwarzaniem danych osobowych i w sprawie swobodnego przep\u0142ywu takich danych oraz uchylenia dyrektywy 95\/46\/WE (dalej jako RODO). <\/span><\/p>\t\t\t\t\t\t<\/div>\n\t\t\t\t<\/div>\n\t\t\t\t<div class=\"elementor-element elementor-element-78e6e79 elementor-widget elementor-widget-text-editor\" data-id=\"78e6e79\" data-element_type=\"widget\" data-widget_type=\"text-editor.default\">\n\t\t\t\t<div class=\"elementor-widget-container\">\n\t\t\t\t\t\t\t<ol><li><span style=\"font-weight: 400;\"> Administratork\u0105 Pani\/Pana danych osobowych niezb\u0119dnych do zawarcia lub realizacji umowy, lub podj\u0119cia dzia\u0142a\u0144 przed zawarciem umowy, lub niezb\u0119dnych do korzystania z us\u0142ugi Newslettera, w tym w szczeg\u00f3lno\u015bci imienia i nazwiska, nr telefonu, adresu e-mail, adresu, stanowiska, nr PESEL, <\/span>nr NIP, danych dotycz\u0105cych zdrowia, danych dotycz\u0105cych przynale\u017cno\u015bci do zwi\u0105zk\u00f3w zawodowych (w zale\u017cno\u015bci od tego, jakie dane osobowe podano; zwane dalej jako dane osobowe) jest stowarzyszenie 9dwunastych, ul. Towarowa 6\/59, 15-007 Bia\u0142ystok (dalej jako ADO).<\/li><li>Je\u017celi nie poda\u0142\/a Pani\/Pan swoich danych osobowych bezpo\u015brednio ADO, Pani\/Pana dane osobowe zosta\u0142y przekazane ADO przez podmiot, w imieniu, kt\u00f3rego Pani\/Pan dzia\u0142a lub podmiot, kt\u00f3ry przekaza\u0142 ADO Pani\/Pana dane osobowe, jako niezb\u0119dne do zawarcia umowy na rzecz tego podmiotu.<\/li><li>ADO umo\u017cliwia kontakt:\u00a0<p><span style=\"font-weight: 400;\">1) za pomoc\u0105 e-maila: kontakt@9dwunastych.org\u00a0<\/span><\/p><p><span style=\"font-weight: 400;\">2) za pomoc\u0105 telefonu: +48 535 912 008 <\/span><\/p><\/li><\/ol>\t\t\t\t\t\t<\/div>\n\t\t\t\t<\/div>\n\t\t\t\t<div class=\"elementor-element elementor-element-10c00a8 elementor-widget elementor-widget-text-editor\" data-id=\"10c00a8\" data-element_type=\"widget\" data-widget_type=\"text-editor.default\">\n\t\t\t\t<div class=\"elementor-widget-container\">\n\t\t\t\t\t\t\t<ol><li><span style=\"font-weight: 400;\"> Szczeg\u00f3\u0142owe informacje na temat celu, w jakim dane osobowe b\u0119d\u0105 przetwarzane przez ADO, podstawy prawnej tego przetwarzania oraz okresu przechowywania danych osobowych znajduj\u0105 si\u0119 poni\u017cej: <\/span><\/li><\/ol><ul><li>Je\u017celi Pani\/Pan zawar\u0142\/-a z ADO umow\u0119, \u015bwiadczy na rzecz ADO us\u0142ugi lub sprzedaje\/dostarcza towary lub podejmuje dzia\u0142ania <span style=\"font-weight: 400;\">przed zleceniem \u015bwiadczenia us\u0142ug lub sprzeda\u017c\u0105\/dostaw\u0105 towar\u00f3w,<\/span><\/li><\/ul><p><span style=\"font-weight: 400;\">celem przetwarzania danych osobowych jest: <\/span><\/p>\t\t\t\t\t\t<\/div>\n\t\t\t\t<\/div>\n\t\t\t\t<div class=\"elementor-element elementor-element-5f57820 elementor-widget elementor-widget-text-editor\" data-id=\"5f57820\" data-element_type=\"widget\" data-widget_type=\"text-editor.default\">\n\t\t\t\t<div class=\"elementor-widget-container\">\n\t\t\t\t\t\t\t<p><span style=\"font-weight: 400;\">a) zawarcie realizacja umowy, umowy o \u015bwiadczenie us\u0142ug lub sprzeda\u017cy\/dostawy towar\u00f3w lub podejmowanie dzia\u0142a\u0144 przed zawarciem umowy, zleceniem \u015bwiadczenia us\u0142ug lub sprzeda\u017cy\/dostawy towar\u00f3w, podstaw\u0105 prawn\u0105 jest art. 6 ust. 1 lit.b RODO, a okres przechowywania danych osobowych to okres obowi\u0105zywania umowy;\u00a0<\/span><\/p><p><span style=\"font-weight: 400;\">b) spe\u0142nienie przez ADO obowi\u0105zk\u00f3w przewidzianych w przepisach prawa, w szczeg\u00f3lno\u015bci przepisach podatkowych i o rachunkowo\u015bci, podstaw\u0105 prawn\u0105 jest art. 6 ust. 1 lit.c RODO w zwi\u0105zku z innymi przepisami szczeg\u00f3lnymi, a okres przechowywania danych osobowych to okres wymagany przez odpowiednie przepisy prawa w zakresie przechowywania dokumentacji ksi\u0119gowej i podatkowej;\u00a0<\/span><\/p><p><span style=\"font-weight: 400;\">c) <\/span><span style=\"font-weight: 400;\">dochodzenie roszcze\u0144 i obrona przed roszczeniami zwi\u0105zanymi z prowadzon\u0105 dzia\u0142alno\u015bci\u0105 gospodarcz\u0105 i zawodow\u0105, co stanowi prawnie uzasadniony interes ADO, podstaw\u0105 prawn\u0105 przetwarzania danych osobowych jest art. 6 ust. 1 lit.f RODO, za\u015b okres przechowywania danych osobowych to okres przedawnienia roszcze\u0144 okre\u015blony w przepisach prawa;\u00a0<\/span><\/p><p><span style=\"font-weight: 400;\">d) <\/span><span style=\"font-weight: 400;\">przechowywanie w celu ewentualnego skorzystania w przysz\u0142o\u015bci z Pani\/Pana oferty, co stanowi prawnie uzasadniony interes ADO, podstaw\u0105 prawn\u0105 przetwarzania danych osobowych jest\u00a0<\/span><\/p><p><span style=\"font-weight: 400;\">art. 6 ust. 1 lit. f RODO, za\u015b okres przechowywania danych osobowych obejmuje okres do czasu zrealizowania celu lub czasu z\u0142o\u017cenia skutecznego sprzeciwu wobec przetwarzania danych we wskazanym celu, w zale\u017cno\u015bci, kt\u00f3re ze zdarze\u0144 nast\u0105pi wcze\u015bniej, nie d\u0142u\u017cej jednak, ni\u017c przez okres przechowywania danych w innych celach wskazanych powy\u017cej; <\/span><\/p>\t\t\t\t\t\t<\/div>\n\t\t\t\t<\/div>\n\t\t\t\t<div class=\"elementor-element elementor-element-fe3e89a elementor-widget elementor-widget-text-editor\" data-id=\"fe3e89a\" data-element_type=\"widget\" data-widget_type=\"text-editor.default\">\n\t\t\t\t<div class=\"elementor-widget-container\">\n\t\t\t\t\t\t\t<ul><li><span style=\"font-weight: 400;\"> Je\u017celi podmiot, w imieniu lub na rzecz kt\u00f3rego Pani\/Pan dzia\u0142a, zawar\u0142 z ADO umow\u0119, \u015bwiadczy na rzecz ADO us\u0142ugi lub sprzedaje\/dostarcza towary lub podejmuje dzia\u0142ania przed zleceniem \u015bwiadczenia us\u0142ug lub sprzeda\u017c\u0105\/dostaw\u0105 towar\u00f3w:<\/span><\/li><\/ul><p><span style=\"font-weight: 400;\">celem przetwarzania danych osobowych jest: <\/span><\/p>\t\t\t\t\t\t<\/div>\n\t\t\t\t<\/div>\n\t\t\t\t<div class=\"elementor-element elementor-element-ffa60ef elementor-widget elementor-widget-text-editor\" data-id=\"ffa60ef\" data-element_type=\"widget\" data-widget_type=\"text-editor.default\">\n\t\t\t\t<div class=\"elementor-widget-container\">\n\t\t\t\t\t\t\t<p><span style=\"font-weight: 400;\">a) <\/span><span style=\"font-weight: 400;\">zawarcie i realizacja umowy, umowy o \u015bwiadczenie us\u0142ug lub sprzeda\u017cy\/dostawy towar\u00f3w lub podejmowanie dzia\u0142a\u0144 przed zawarciem umowy, zleceniem \u015bwiadczenia us\u0142ug lub sprzeda\u017cy\/dostawy towar\u00f3w przez podmiot, w imieniu lub na rzecz kt\u00f3rego Pani\/Pan dzia\u0142a, co stanowi uzasadniony interes ADO, podstaw\u0105 prawn\u0105 przetwarzania danych osobowych jest art. 6 ust. 1 lit b, f RODO, za\u015b okres przechowywania danych osobowych to okres obowi\u0105zywania umowy \u0142\u0105cz\u0105cej podmiot, w imieniu lub na rzecz kt\u00f3rej Pani\/Pan dzia\u0142a z ADO lub do czasu zako\u0144czenia Pani\/Pana wsp\u00f3\u0142pracy z tym podmiotem, w zale\u017cno\u015bci, kt\u00f3re ze zdarze\u0144 nast\u0105pi wcze\u015bniej,\u00a0<\/span><\/p><p><span style=\"font-weight: 400;\">b) spe\u0142nienie przez ADO obowi\u0105zk\u00f3w przewidzianych w przepisach prawa, w szczeg\u00f3lno\u015bci przepisach podatkowych i o rachunkowo\u015bci, podstaw\u0105 prawn\u0105 przetwarzania danych osobowych jest art. 6 ust. 1 lit. c RODO w zwi\u0105zku z innymi przepisami szczeg\u00f3lnymi, zas okres przechowywania danych osobowych to okres wymagany przez odpowiednie przepisy prawa w zakresie przechowywania dokumentacji ksi\u0119gowej i podatkowej;\u00a0<\/span><\/p><p><span style=\"font-weight: 400;\">c) <\/span><span style=\"font-weight: 400;\">dochodzenie roszcze\u0144 i obrona przed roszczeniami zwi\u0105zanymi z prowadzon\u0105 dzia\u0142alno\u015bci\u0105 gospodarcz\u0105 i zawodow\u0105, co stanowi prawnie uzasadniony interes ADO, podstaw\u0105 prawn\u0105 przetwarzania danych osobowych jest art. 6 ust. 1 lit.f RODO, za\u015b okres przechowywania danych osobowych to okres przedawnienia roszcze\u0144 okre\u015blony w przepisach prawa;\u00a0<\/span><\/p><p><span style=\"font-weight: 400;\">d) <\/span><span style=\"font-weight: 400;\">przechowywanie w celu ewentualnego skorzystania w przysz\u0142o\u015bci z oferty podmiotu, w imieniu lub na rzecz kt\u00f3rego Pani\/Pan dzia\u0142a, co stanowi prawnie uzasadniony interes ADO, podstawa prawna przetwarzania danych osobowych to art. 6 ust. 1 lit.f RODO, za\u015b okres przechowywania danych osobowych obejmuje czas potrzebny do zrealizowania celu lub do czasu zako\u0144czenia Pani\/Pana wsp\u00f3\u0142pracy z podmiotem w imieniu lub na rzecz kt\u00f3rego Pani\/Pan dzia\u0142a lub do czasu z\u0142o\u017cenia skutecznego sprzeciwu wobec przetwarzania danych we wskazanym celu, w zale\u017cno\u015bci, kt\u00f3re ze zdarze\u0144 nast\u0105pi wcze\u015bniej, nie d\u0142u\u017cej jednak, ni\u017c przez okres przechowywania danych w innych celach wskazanych powy\u017cej. <\/span><\/p>\t\t\t\t\t\t<\/div>\n\t\t\t\t<\/div>\n\t\t\t\t<div class=\"elementor-element elementor-element-146584c elementor-widget elementor-widget-text-editor\" data-id=\"146584c\" data-element_type=\"widget\" data-widget_type=\"text-editor.default\">\n\t\t\t\t<div class=\"elementor-widget-container\">\n\t\t\t\t\t\t\t<ul><li><span style=\"font-weight: 400;\">Je\u017celi jest Pani\/Pan odbiorc\u0105 us\u0142ugi Newslettera wysy\u0142anego przez ADO:<\/span><\/li><\/ul><p><span style=\"font-weight: 400;\">celem przetwarzania danych osobowych jest: <\/span><\/p>\t\t\t\t\t\t<\/div>\n\t\t\t\t<\/div>\n\t\t\t\t<div class=\"elementor-element elementor-element-0ca0078 elementor-widget elementor-widget-text-editor\" data-id=\"0ca0078\" data-element_type=\"widget\" data-widget_type=\"text-editor.default\">\n\t\t\t\t<div class=\"elementor-widget-container\">\n\t\t\t\t\t\t\t<p><span style=\"font-weight: 400;\">a) <\/span><span style=\"font-weight: 400;\">realizacja Us\u0142ugi Newslettera, podstaw\u0105 prawn\u0105 przechowywania danych jest art. 6 ust. 1 lit.b RODO, za\u015b okres przechowywania danych osobowych to okres korzystania z Us\u0142ugi Newslettera,\u00a0<\/span><\/p><p><span style=\"font-weight: 400;\">b) <\/span><span style=\"font-weight: 400;\">dochodzenie roszcze\u0144 i obrona przed roszczeniami zwi\u0105zanymi z prowadzon\u0105 dzia\u0142alno\u015bci\u0105 gospodarcz\u0105 i zawodow\u0105, co stanowi prawnie uzasadniony interes ADO, podstaw\u0105 prawn\u0105\u00a0<\/span><span style=\"font-size: var(--font-size,16px); font-style: var(--font-style,normal); letter-spacing: var(--letter-spacing,0); text-transform: var(--text-transform,none);\">przechowywania danych osobowych jest art. 6 ust. 1 lit.f RODO, za\u015b okres przechowywania danych osobowych to okres\u00a0<\/span><span style=\"font-size: var(--font-size,16px); font-style: var(--font-style,normal); letter-spacing: var(--letter-spacing,0); text-transform: var(--text-transform,none);\">przedawnienia roszcze\u0144 okre\u015blony w przepisach prawa.<\/span><\/p>\t\t\t\t\t\t<\/div>\n\t\t\t\t<\/div>\n\t\t\t\t<div class=\"elementor-element elementor-element-4d4850f elementor-widget elementor-widget-text-editor\" data-id=\"4d4850f\" data-element_type=\"widget\" data-widget_type=\"text-editor.default\">\n\t\t\t\t<div class=\"elementor-widget-container\">\n\t\t\t\t\t\t\t<p><span style=\"font-weight: 400;\">5. Dane osobowe mog\u0105 by\u0107 ujawnione osobom upowa\u017cnionym przez ADO, podmiotom \u015bwiadcz\u0105cym na rzecz ADO us\u0142ugi, w tym us\u0142ugi techniczne i organizacyjne, us\u0142ugi w zakresie prowadzenia poczty elektronicznej, a tak\u017ce innym podmiotom\/osobom\/organom w zakresie i na zasadach okre\u015blonych przepisami prawa. <\/span><\/p>\t\t\t\t\t\t<\/div>\n\t\t\t\t<\/div>\n\t\t\t\t<div class=\"elementor-element elementor-element-b9334e1 elementor-widget elementor-widget-text-editor\" data-id=\"b9334e1\" data-element_type=\"widget\" data-widget_type=\"text-editor.default\">\n\t\t\t\t<div class=\"elementor-widget-container\">\n\t\t\t\t\t\t\t<p><span style=\"font-weight: 400;\">6. ADO nie zamierza przekazywa\u0107 danych osobowych do pa\u0144stwa trzeciego\/organizacji mi\u0119dzynarodowej. <\/span><\/p>\t\t\t\t\t\t<\/div>\n\t\t\t\t<\/div>\n\t\t\t\t<div class=\"elementor-element elementor-element-31b8284 elementor-widget elementor-widget-text-editor\" data-id=\"31b8284\" data-element_type=\"widget\" data-widget_type=\"text-editor.default\">\n\t\t\t\t<div class=\"elementor-widget-container\">\n\t\t\t\t\t\t\t<p><span style=\"font-weight: 400;\">7. Przys\u0142uguje Pani\/Panu prawo \u017c\u0105dania sprostowania tre\u015bci swoich danych osobowych.<\/span><\/p>\t\t\t\t\t\t<\/div>\n\t\t\t\t<\/div>\n\t\t\t\t<div class=\"elementor-element elementor-element-462cd4b elementor-widget elementor-widget-text-editor\" data-id=\"462cd4b\" data-element_type=\"widget\" data-widget_type=\"text-editor.default\">\n\t\t\t\t<div class=\"elementor-widget-container\">\n\t\t\t\t\t\t\t<p><span style=\"font-weight: 400;\">8. W przypadkach okre\u015blonych przepisami prawa, w tym je\u017celi nie narusza to obowi\u0105zku zachowania tajemnicy zawodowej, przys\u0142uguje Pani\/Panu prawo \u017c\u0105dania dost\u0119pu do tre\u015bci swoich danych osobowych, \u017c\u0105dania ograniczenia przetwarzania danych osobowych oraz prawo wniesienia sprzeciwu wobec przetwarzania danych osobowych. <\/span><\/p>\t\t\t\t\t\t<\/div>\n\t\t\t\t<\/div>\n\t\t\t\t<div class=\"elementor-element elementor-element-50c4fc3 elementor-widget elementor-widget-text-editor\" data-id=\"50c4fc3\" data-element_type=\"widget\" data-widget_type=\"text-editor.default\">\n\t\t\t\t<div class=\"elementor-widget-container\">\n\t\t\t\t\t\t\t<p><span style=\"font-weight: 400;\">9. W przypadkach okre\u015blonych przepisami prawa przys\u0142uguje Pani\/Panu prawo \u017c\u0105dania usuni\u0119cia danych osobowych oraz prawo do przeniesienia danych osobowych.<\/span><\/p>\t\t\t\t\t\t<\/div>\n\t\t\t\t<\/div>\n\t\t\t\t<div class=\"elementor-element elementor-element-58d680b elementor-widget elementor-widget-text-editor\" data-id=\"58d680b\" data-element_type=\"widget\" data-widget_type=\"text-editor.default\">\n\t\t\t\t<div class=\"elementor-widget-container\">\n\t\t\t\t\t\t\t<p><span style=\"font-weight: 400;\">10. Przys\u0142uguje Pani\/Panu prawo wniesienia skargi do organu nadzorczego zajmuj\u0105cego si\u0119 ochron\u0105 danych osobowych, gdy uzna Pani\/Pan, \u017ce ADO naruszy\u0142 przepisy dotycz\u0105ce ochrony danych osobowych. <\/span><\/p>\t\t\t\t\t\t<\/div>\n\t\t\t\t<\/div>\n\t\t\t\t<div class=\"elementor-element elementor-element-e385cc8 elementor-widget elementor-widget-text-editor\" data-id=\"e385cc8\" data-element_type=\"widget\" data-widget_type=\"text-editor.default\">\n\t\t\t\t<div class=\"elementor-widget-container\">\n\t\t\t\t\t\t\t<p><span style=\"font-weight: 400;\">11. Podanie danych osobowych jest dobrowolne, ale niezb\u0119dne do \u015bwiadczenia zawarcia, czy realizacji umowy, lub podejmowania dzia\u0142a\u0144 przed zawarciem umowy. W przypadku niepodania danych, zawarcie i realizacja umowy lub podejmowanie dzia\u0142a\u0144 przed zawarciem umowy mo\u017ce by\u0107 niemo\u017cliwe lub utrudnione. <\/span><\/p>\t\t\t\t\t\t<\/div>\n\t\t\t\t<\/div>\n\t\t\t\t<div class=\"elementor-element elementor-element-9766e56 elementor-widget elementor-widget-text-editor\" data-id=\"9766e56\" data-element_type=\"widget\" data-widget_type=\"text-editor.default\">\n\t\t\t\t<div class=\"elementor-widget-container\">\n\t\t\t\t\t\t\t<p><span style=\"font-weight: 400;\">12. Dane osobowe nie b\u0119d\u0105 wykorzystywane do zautomatyzowanego podejmowania decyzji wzgl\u0119dem Pani\/Pana, w tym do profilowania.\u00a0<\/span><\/p><p><span style=\"font-weight: 400;\">Informacja o prawie do wniesienia sprzeciwu:\u00a0<\/span><\/p><p><span style=\"font-weight: 400;\">Z uwagi na fakt, \u017ce Pani\/Pana dane osobowe mog\u0105 by\u0107 przetwarzane przez ADO do cel\u00f3w wynikaj\u0105cych z prawnie uzasadnionego interesu ADO, przys\u0142uguje Pani\/Panu prawo do wniesienia sprzeciwu wobec przetwarzania danych osobowych w w\/w celu z przyczyn zwi\u0105zanych z Pani\/Pana szczeg\u00f3ln\u0105 sytuacj\u0105. <\/span><\/p>\t\t\t\t\t\t<\/div>\n\t\t\t\t<\/div>\n\t\t\t\t\t<\/div>\n\t\t\t\t<\/div>\n\t\t\t\t<\/div>","protected":false},"excerpt":{"rendered":"<p>Polityka Prywatno\u015bci MO\u017bEMY SI\u0118 R\u00d3\u017bNI\u0106. MO\u017bEMY SI\u0118 LUBI\u0106. Przeka\u017c nam darowizn\u0119 na nr konta: 06 1600 1462 1025 2284 3000 0007 W tym dokumencie znajdzie Pani\/Pan informacje na temat przetwarzania danych osobowych przez stowarzyszenie 9dwunastych. Informacja przekazywana jest w wykonaniu obowi\u0105zk\u00f3w przewidzianych w Rozporz\u0105dzeniu Parlamentu Europejskiego i Rady (UE) 2016\/679 z dnia 27 kwietnia 2016&#8230;<\/p>","protected":false},"author":4,"featured_media":0,"parent":0,"menu_order":0,"comment_status":"closed","ping_status":"closed","template":"","meta":{"footnotes":""},"class_list":["post-3487","page","type-page","status-publish","hentry"],"acf":[],"jetpack_sharing_enabled":true,"_links":{"self":[{"href":"https:\/\/9dwunastych.org\/en_us\/wp-json\/wp\/v2\/pages\/3487"}],"collection":[{"href":"https:\/\/9dwunastych.org\/en_us\/wp-json\/wp\/v2\/pages"}],"about":[{"href":"https:\/\/9dwunastych.org\/en_us\/wp-json\/wp\/v2\/types\/page"}],"author":[{"embeddable":true,"href":"https:\/\/9dwunastych.org\/en_us\/wp-json\/wp\/v2\/users\/4"}],"replies":[{"embeddable":true,"href":"https:\/\/9dwunastych.org\/en_us\/wp-json\/wp\/v2\/comments?post=3487"}],"version-history":[{"count":5,"href":"https:\/\/9dwunastych.org\/en_us\/wp-json\/wp\/v2\/pages\/3487\/revisions"}],"predecessor-version":[{"id":3793,"href":"https:\/\/9dwunastych.org\/en_us\/wp-json\/wp\/v2\/pages\/3487\/revisions\/3793"}],"wp:attachment":[{"href":"https:\/\/9dwunastych.org\/en_us\/wp-json\/wp\/v2\/media?parent=3487"}],"curies":[{"name":"wp","href":"https:\/\/api.w.org\/{rel}","templated":true}]}}